{"id":18,"date":"2013-04-23T22:37:23","date_gmt":"2013-04-23T20:37:23","guid":{"rendered":"http:\/\/lnx.fondazionetommasofederici.it\/wordpress\/?page_id=18"},"modified":"2014-06-10T13:07:45","modified_gmt":"2014-06-10T11:07:45","slug":"biografia","status":"publish","type":"page","link":"http:\/\/www.fondazionetommasofederici.it\/wordpress\/biografia\/","title":{"rendered":"Biografia"},"content":{"rendered":"<div style=\"padding-left: 10px; padding-right: 10px;\"><img loading=\"lazy\" decoding=\"async\" class=\"alignright size-full wp-image-318\" alt=\"Tommaso Federici\" src=\"http:\/\/www.fondazionetommasofederici.it\/wordpress\/wp-content\/uploads\/2013\/04\/tf5.jpg\" width=\"158\" height=\"190\" \/>Il prof. <b>Tommaso Federici <\/b>\u00e8 nato a Canterano (Rm) il 30 aprile 1927 ed \u00e8 vissuto sempre a Roma.<\/div>\n<p><BR><\/p>\n<div style=\"padding-left: 10px; padding-right: 10px;\">Ha conseguito:<\/p>\n<ul>\n<li>la maturit\u00e0 classica presso il liceo statale Visconti<\/li>\n<li>la laurea in Lettere Antiche all&#8217;Universit\u00e0 &#8220;La Sapienza&#8221; di Roma<\/li>\n<li>la laurea in Giurisprudenza presso l&#8217;Universit\u00e0 statale di Sassari<\/li>\n<li>la licenza in Sacra Scrittura presso il Pontificio Istituto Biblico di Roma<\/li>\n<li>la laurea in Sacra Teologia presso il Pontificio Ateneo S. Anselmo.<\/li>\n<\/ul>\n<p>Ha insegnato:<\/p>\n<ul>\n<li>presso il Pontificio Istituto Liturgico di S. Anselmo<\/li>\n<li>presso la Pontificia Universit\u00e0 Urbaniana in Roma, come professore ordinario<\/li>\n<li>in numerosi altri istituti di Teologia e seminari d&#8217;Italia<\/li>\n<\/ul>\n<p>\u00c8 stato:<\/p>\n<ul>\n<li>consultore presso l&#8217;allora Segretariato per l&#8217;Unit\u00e0 dei Cristiani, oggi Pontificio Consiglio per l&#8217;Unit\u00e0 dei Cristiani, nella sezione per il dialogo ebraico-cristiano<\/li>\n<li>segretario della Pontificia Commissione per la Neo-Vulgata<\/li>\n<li>consultore presso la Sacra Congregazione del Culto Divino e i Sacramenti<\/li>\n<li>consultore presso la Sacra Congregazione per le Chiese Orientali.<\/li>\n<\/ul>\n<p>Con P. E.Lanne e Mons. E.Fortino ha fondato nel gennaio 1965, dopo la promulgazione del Decreto sull&#8217;Ecumenismo del Vaticano II, il Circolo ecumenico Koinonia, che ha organizzato incontri mensili al Collegio Greco e pubblicato un bollettino mensile dal 1965 al 1968.<\/p>\n<p>Sono stati numerosissimi le pubblicazioni, le traduzioni e i contributi scientifici da lui prodotti, oltre ad infiniti articoli per riviste e quotidiani.<\/p>\n<p>Si \u00e8 spento a Roma, dopo lunga malattia affrontata con grande serenit\u00e0, il 13\/04\/2002.<\/p>\n<p>\u00c8 sepolto presso l&#8217;Abbazia di Santa Maria di Pulsano, nel comune di Monte Sant&#8217;Angelo (Fg).<\/p>\n<\/div>\n<div id='gallery-1' class='gallery galleryid-18 gallery-columns-3 gallery-size-thumbnail'><dl class='gallery-item'>\n\t\t\t<dt class='gallery-icon landscape'>\n\t\t\t\t<a href='http:\/\/www.fondazionetommasofederici.it\/wordpress\/biografia\/tf2_\/'><img loading=\"lazy\" decoding=\"async\" width=\"150\" height=\"150\" src=\"http:\/\/www.fondazionetommasofederici.it\/wordpress\/wp-content\/uploads\/2013\/04\/TF2_-150x150.jpg\" class=\"attachment-thumbnail size-thumbnail\" alt=\"Tommaso Federici\" \/><\/a>\n\t\t\t<\/dt><\/dl><dl class='gallery-item'>\n\t\t\t<dt class='gallery-icon portrait'>\n\t\t\t\t<a href='http:\/\/www.fondazionetommasofederici.it\/wordpress\/biografia\/tf1_\/'><img loading=\"lazy\" decoding=\"async\" width=\"150\" height=\"150\" src=\"http:\/\/www.fondazionetommasofederici.it\/wordpress\/wp-content\/uploads\/2013\/04\/TF1_-150x150.jpg\" class=\"attachment-thumbnail size-thumbnail\" alt=\"Tommaso Federici\" \/><\/a>\n\t\t\t<\/dt><\/dl><dl class='gallery-item'>\n\t\t\t<dt class='gallery-icon portrait'>\n\t\t\t\t<a href='http:\/\/www.fondazionetommasofederici.it\/wordpress\/biografia\/federici_\/'><img loading=\"lazy\" decoding=\"async\" width=\"150\" height=\"150\" src=\"http:\/\/www.fondazionetommasofederici.it\/wordpress\/wp-content\/uploads\/2013\/04\/Federici_-150x150.jpg\" class=\"attachment-thumbnail size-thumbnail\" alt=\"Tommaso Federici\" \/><\/a>\n\t\t\t<\/dt><\/dl><br style=\"clear: both\" \/>\n\t\t<\/div>\n\n","protected":false},"excerpt":{"rendered":"<p>Il prof. Tommaso Federici \u00e8 nato a Canterano (Rm) il 30 aprile 1927 ed \u00e8 vissuto sempre a Roma. Ha conseguito: la maturit\u00e0 classica presso il liceo statale Visconti la laurea in Lettere Antiche all&#8217;Universit\u00e0 &#8220;La Sapienza&#8221; di Roma la &hellip; <a href=\"http:\/\/www.fondazionetommasofederici.it\/wordpress\/biografia\/\">Continua a leggere<span class=\"meta-nav\">&rarr;<\/span><\/a><\/p>\n","protected":false},"author":1,"featured_media":0,"parent":0,"menu_order":0,"comment_status":"closed","ping_status":"open","template":"","meta":{"footnotes":""},"class_list":["post-18","page","type-page","status-publish","hentry"],"_links":{"self":[{"href":"http:\/\/www.fondazionetommasofederici.it\/wordpress\/wp-json\/wp\/v2\/pages\/18","targetHints":{"allow":["GET"]}}],"collection":[{"href":"http:\/\/www.fondazionetommasofederici.it\/wordpress\/wp-json\/wp\/v2\/pages"}],"about":[{"href":"http:\/\/www.fondazionetommasofederici.it\/wordpress\/wp-json\/wp\/v2\/types\/page"}],"author":[{"embeddable":true,"href":"http:\/\/www.fondazionetommasofederici.it\/wordpress\/wp-json\/wp\/v2\/users\/1"}],"replies":[{"embeddable":true,"href":"http:\/\/www.fondazionetommasofederici.it\/wordpress\/wp-json\/wp\/v2\/comments?post=18"}],"version-history":[{"count":33,"href":"http:\/\/www.fondazionetommasofederici.it\/wordpress\/wp-json\/wp\/v2\/pages\/18\/revisions"}],"predecessor-version":[{"id":833,"href":"http:\/\/www.fondazionetommasofederici.it\/wordpress\/wp-json\/wp\/v2\/pages\/18\/revisions\/833"}],"wp:attachment":[{"href":"http:\/\/www.fondazionetommasofederici.it\/wordpress\/wp-json\/wp\/v2\/media?parent=18"}],"curies":[{"name":"wp","href":"https:\/\/api.w.org\/{rel}","templated":true}]}}